{"id":70,"date":"2012-08-10T12:43:06","date_gmt":"2012-08-10T12:43:06","guid":{"rendered":"https:\/\/redracc.org\/?page_id=70"},"modified":"2013-04-30T17:10:54","modified_gmt":"2013-04-30T17:10:54","slug":"coordinadores-de-la-red","status":"publish","type":"page","link":"https:\/\/redracc.org\/?page_id=70","title":{"rendered":"Quienes Somos"},"content":{"rendered":"<h3 style=\"text-align: justify;\"><strong>Red Latinoamericana de Contaminantes clim\u00e1ticos de corta vida<\/strong><\/h3>\n<p style=\"text-align: justify;\"><strong><\/strong>La Red Latinoamericana est\u00e1 conformada por organizaciones de la sociedad civil latinoamericanas con capacidad de incidencia en pol\u00edticas publicas nacionales, regionales y globales. Actualmente conforman la red organizaciones de Brasil, M\u00e9xico, Chile, Paraguay y Argentina.<\/p>\n<p style=\"text-align: justify;\">Objetivos de la RACC:<\/p>\n<ul style=\"text-align: justify;\">\n<li>Promover pol\u00edticas p\u00fablicas de control y monitoreo contaminantes clim\u00e1ticos de corta vida (CCCVs)<\/li>\n<li>Fortalecer el trabajo que cada una de las organizaciones de la RACC realiza a nivel local, regional y global.<\/li>\n<li>Promover el intercambio de experiencias y estrategias para incidir en pol\u00edticas publicas de CCCVs.<\/li>\n<li>Coordinar una estrategia regional sobre agentes clim\u00e1ticos de corta duraci\u00f3n.<\/li>\n<\/ul>\n<p style=\"text-align: justify;\">Actividades:<\/p>\n<ul>\n<li style=\"text-align: justify;\">Promoci\u00f3n de legislaci\u00f3n para el control y monitoreo de CCCVs a nivel municipal, provincial y nacional.<\/li>\n<li style=\"text-align: justify;\">Promoci\u00f3n de un tratado regional para el control y monitoreo de agentes clim\u00e1ticosde corta duraci\u00f3n<\/li>\n<li style=\"text-align: justify;\">Concientizar a decisores p\u00fablicos y privados sobre el impacto de CCCVs en la salud y el desarrollo.<\/li>\n<li style=\"text-align: justify;\">Intercambiar informaci\u00f3n del estado de situaci\u00f3n en cada uno de los pa\u00edses miembros de la RACC.<\/li>\n<li style=\"text-align: justify;\">Intercambiar informaci\u00f3n del estado de situaci\u00f3n regional y global de las RACC<\/li>\n<li style=\"text-align: justify;\">Intercambiar informaci\u00f3n cient\u00edfica sobre agentes clim\u00e1ticos de corta duraci\u00f3n.<\/li>\n<li style=\"text-align: justify;\">Coordinar estrategias de incidencia en agentes clim\u00e1ticos de corta duraci\u00f3n.<\/li>\n<\/ul>\n<div><a href=\"http:\/\/wp.cedha.net\/\" target=\"_blank\"><img loading=\"lazy\" decoding=\"async\" class=\"alignleft  wp-image-569\" title=\"cedha\" src=\"https:\/\/redracc.org\/wp-content\/uploads\/2012\/08\/cedha1.jpg\" alt=\"\" width=\"349\" height=\"100\" srcset=\"https:\/\/redracc.org\/wp-content\/uploads\/2012\/08\/cedha1.jpg 349w, https:\/\/redracc.org\/wp-content\/uploads\/2012\/08\/cedha1-300x85.jpg 300w\" sizes=\"auto, (max-width: 349px) 100vw, 349px\" \/><\/a><a href=\"http:\/\/www.issrc.org\/\" target=\"_blank\"><img loading=\"lazy\" decoding=\"async\" class=\"alignleft  wp-image-572\" title=\"issrc\" src=\"https:\/\/redracc.org\/wp-content\/uploads\/2012\/08\/issrc1.jpg\" alt=\"\" width=\"349\" height=\"100\" srcset=\"https:\/\/redracc.org\/wp-content\/uploads\/2012\/08\/issrc1.jpg 349w, https:\/\/redracc.org\/wp-content\/uploads\/2012\/08\/issrc1-300x85.jpg 300w\" sizes=\"auto, (max-width: 349px) 100vw, 349px\" \/><\/a><a href=\"http:\/\/www.energiaeambiente.org.br\/\" target=\"_blank\"><img loading=\"lazy\" decoding=\"async\" class=\"alignleft  wp-image-571\" title=\"iema\" src=\"https:\/\/redracc.org\/wp-content\/uploads\/2012\/08\/iema.jpg\" alt=\"\" width=\"349\" height=\"100\" srcset=\"https:\/\/redracc.org\/wp-content\/uploads\/2012\/08\/iema.jpg 349w, https:\/\/redracc.org\/wp-content\/uploads\/2012\/08\/iema-300x85.jpg 300w\" sizes=\"auto, (max-width: 349px) 100vw, 349px\" \/><\/a><a href=\"http:\/\/www.idea.org.py\/espanol\/\" target=\"_blank\"><img loading=\"lazy\" decoding=\"async\" class=\"alignleft  wp-image-570\" title=\"idea\" src=\"https:\/\/redracc.org\/wp-content\/uploads\/2012\/08\/idea1.jpg\" alt=\"\" width=\"349\" height=\"100\" srcset=\"https:\/\/redracc.org\/wp-content\/uploads\/2012\/08\/idea1.jpg 349w, https:\/\/redracc.org\/wp-content\/uploads\/2012\/08\/idea1-300x85.jpg 300w\" sizes=\"auto, (max-width: 349px) 100vw, 349px\" \/><\/a><a href=\"http:\/\/www.cemda.org.mx\/\" target=\"_blank\"><img loading=\"lazy\" decoding=\"async\" class=\"alignleft  wp-image-573\" title=\"cemda\" src=\"https:\/\/redracc.org\/wp-content\/uploads\/2012\/08\/cemda1.jpg\" alt=\"\" width=\"349\" height=\"100\" srcset=\"https:\/\/redracc.org\/wp-content\/uploads\/2012\/08\/cemda1.jpg 349w, https:\/\/redracc.org\/wp-content\/uploads\/2012\/08\/cemda1-300x85.jpg 300w\" sizes=\"auto, (max-width: 349px) 100vw, 349px\" \/><\/a><a href=\"http:\/\/www.aida-americas.org\/es\" target=\"_blank\"><img loading=\"lazy\" decoding=\"async\" class=\"alignleft  wp-image-568\" title=\"aida\" src=\"https:\/\/redracc.org\/wp-content\/uploads\/2012\/08\/aida1.jpg\" alt=\"\" width=\"349\" height=\"100\" srcset=\"https:\/\/redracc.org\/wp-content\/uploads\/2012\/08\/aida1.jpg 349w, https:\/\/redracc.org\/wp-content\/uploads\/2012\/08\/aida1-300x85.jpg 300w\" sizes=\"auto, (max-width: 349px) 100vw, 349px\" \/><\/a><\/div>\n","protected":false},"excerpt":{"rendered":"<p>Red Latinoamericana de Contaminantes clim\u00e1ticos de corta vida La Red Latinoamericana est\u00e1 conformada por organizaciones de la sociedad civil latinoamericanas con capacidad de incidencia en pol\u00edticas publicas nacionales, regionales y globales. Actualmente conforman la red organizaciones de Brasil, M\u00e9xico, Chile, Paraguay y Argentina. Objetivos de la RACC: Promover pol\u00edticas p\u00fablicas de control y monitoreo contaminantes clim\u00e1ticos de corta vida (CCCVs) Fortalecer el trabajo que cada una de las organizaciones de la RACC realiza a nivel local, regional y global. Promover el intercambio de experiencias y estrategias para incidir en pol\u00edticas publicas de CCCVs. Coordinar una estrategia regional sobre agentes clim\u00e1ticos de corta duraci\u00f3n. Actividades: Promoci\u00f3n de legislaci\u00f3n para el control y monitoreo de CCCVs a nivel municipal, provincial y nacional. Promoci\u00f3n de un tratado regional para el control y monitoreo de agentes clim\u00e1ticosde corta duraci\u00f3n Concientizar a decisores p\u00fablicos y privados sobre el impacto de CCCVs en la salud y el desarrollo. Intercambiar informaci\u00f3n del estado de situaci\u00f3n en cada uno de los pa\u00edses miembros de la RACC. Intercambiar informaci\u00f3n del estado de situaci\u00f3n regional y global de las RACC Intercambiar informaci\u00f3n cient\u00edfica sobre agentes clim\u00e1ticos de corta duraci\u00f3n. Coordinar estrategias de incidencia en agentes clim\u00e1ticos de corta duraci\u00f3n.<\/p>\n","protected":false},"author":1,"featured_media":0,"parent":0,"menu_order":0,"comment_status":"open","ping_status":"open","template":"","meta":{"footnotes":""},"class_list":["post-70","page","type-page","status-publish","hentry"],"_links":{"self":[{"href":"https:\/\/redracc.org\/index.php?rest_route=\/wp\/v2\/pages\/70","targetHints":{"allow":["GET"]}}],"collection":[{"href":"https:\/\/redracc.org\/index.php?rest_route=\/wp\/v2\/pages"}],"about":[{"href":"https:\/\/redracc.org\/index.php?rest_route=\/wp\/v2\/types\/page"}],"author":[{"embeddable":true,"href":"https:\/\/redracc.org\/index.php?rest_route=\/wp\/v2\/users\/1"}],"replies":[{"embeddable":true,"href":"https:\/\/redracc.org\/index.php?rest_route=%2Fwp%2Fv2%2Fcomments&post=70"}],"version-history":[{"count":28,"href":"https:\/\/redracc.org\/index.php?rest_route=\/wp\/v2\/pages\/70\/revisions"}],"predecessor-version":[{"id":700,"href":"https:\/\/redracc.org\/index.php?rest_route=\/wp\/v2\/pages\/70\/revisions\/700"}],"wp:attachment":[{"href":"https:\/\/redracc.org\/index.php?rest_route=%2Fwp%2Fv2%2Fmedia&parent=70"}],"curies":[{"name":"wp","href":"https:\/\/api.w.org\/{rel}","templated":true}]}}